{"id":142,"date":"2020-05-10T18:50:43","date_gmt":"2020-05-10T18:50:43","guid":{"rendered":"https:\/\/cesa.domtombox.net\/?page_id=142"},"modified":"2020-05-10T20:28:41","modified_gmt":"2020-05-10T20:28:41","slug":"description-de-lassociation","status":"publish","type":"page","link":"https:\/\/cesa.domtombox.net\/?page_id=142","title":{"rendered":"CITOYENS DU MONDE"},"content":{"rendered":"\n<p><strong>CAMEROUN EFFICIENCE SOLIDARIT\u00c9 ACTIONS BRETAGNE &#8211; CESA BRETAGNE &#8211;<\/strong> est une association \u00e0 but non lucratif, r\u00e9gie par la loi du 1er juillet 1901 et le d\u00e9cret du 16 ao\u00fbt 1901. Inscrite depuis avril 2015 en Pr\u00e9fecture d\u2019Ille et Vilaine (FRANCE), sous le n\u00b0 de d\u00e9claration W353013734. <\/p>\n\n\n\n<p>L\u2019engagement port\u00e9 par ses b\u00e9n\u00e9voles est de :<\/p>\n\n\n\n<ul class=\"wp-block-list\"><li><strong>Rassembler<\/strong> ceux qui ont le d\u00e9sir de promouvoir des relations de Solidarit\u00e9 entre la BRETAGNE et les pays d\u2019AFRIQUE CENTRALE<\/li><\/ul>\n\n\n\n<ul class=\"wp-block-list\"><li><strong>Promouvoir<\/strong> des actions d\u2019entraide et de coop\u00e9ration <\/li><\/ul>\n\n\n\n<ul class=\"wp-block-list\"><li><strong>Accueillir<\/strong> les personnes originaires des pays d\u2019AFRIQUE CENTRALE pour faciliter leur int\u00e9gration dans la soci\u00e9t\u00e9 fran\u00e7aise, leur permette de suivre des compl\u00e9ments de formation ou d\u2019obtenir des soins, dans le respect de la r\u00e9glementation en vigueur <\/li><\/ul>\n\n\n\n<ul class=\"wp-block-list\"><li><strong>D\u00e9velopper<\/strong> les actions et les moyens n\u00e9cessaires \u00e0 leur r\u00e9alisation <\/li><\/ul>\n\n\n\n<p><strong>Favoriser<\/strong> en France et en AFRIQUE CENTRALE, les \u00e9changes des savoirs, savoir-faire et des techniques professionnelles entre les groupes familiaux, professionnels et sociaux de toute origine, \u00e0 travers des activit\u00e9s sociales, \u00e9conomiques, culturelles, sportives et socio-\u00e9ducatives, marqu\u00e9es par des objectifs et des modalit\u00e9s de d\u00e9veloppement durable et solidaire.<\/p>\n\n\n\n<p>En 2015, notre Pr\u00e9sidente, Mme FOUCAULT a \u00e9crit un essai : D\u00c9RACIN\u00c9.E.S ET DES AILES \u00ab\u00a0Ces Migrant.e.s Qui Ont R\u00e9ussi En France\u00a0\u00bb. Dans le cadre de nos interventions dans les Lyc\u00e9e et Coll\u00e8ges en Ille et Vilaine, ou \u00e0 l&rsquo;Etranger lors de missions de solidarit\u00e9 internationale, nous sensibilisons les jeunes \u00e9tudiants \u00e0 l&rsquo;importance de la solidarit\u00e9, de l&rsquo;\u00e9galit\u00e9 de genre, mais \u00e9galement \u00e0 celles des valeurs humaines. C&rsquo;est souvent l&rsquo;occasion d&rsquo;\u00e9changer avec le public, dont les remarques sont parfois surprenantes, mais toujours enrichissantes. Notamment sur les us et coutumes, nous nous enrichissons toujours plus de nos \u00e9changes avec les populations lors de nos missions de solidarit\u00e9 internationale. Ces missions, pendant lesquelles l\u2019humain est au centre de nos pr\u00e9occupations, rencontrent un vif succ\u00e8s aupr\u00e8s d\u2019un public de plus en plus \u00e9largi. <\/p>\n\n\n\n<p>Notre Vice-Pr\u00e9sidente, Mme PAYNE, par ailleurs b\u00e9n\u00e9vole \u00e0 L\u2019UNICEF, intervient \u00e9galement lors de ces missions au Cameroun et au Congo, dans des \u00e9coles primaires, pour sensibiliser les jeunes, aux droits universels de l\u2019enfant.Les besoins vitaux dans ces pays d\u2019Afrique Centrale : Acc\u00e8s \u00e0 l\u2019eau, \u00e0 l\u2019\u00e9ducation, \u00e0 la sant\u00e9&#8230; restent un sujet qui nous pr\u00e9occupe quotidiennement. Nous lan\u00e7ons un appel \u00e0 toutes personnes voulant soutenir ces actions par leurs dons, leur savoir-faire, leur temps&#8230; \u00e0 prendre contact avec nous. Nous ne serons jamais assez nombreux pour lutter contre la mis\u00e8re dans le monde !Parce que nous sommes tous citoyens du monde, rejoignez-nous pour faire vivre la solidarit\u00e9 internationale et la cause humanitaire !<\/p>\n\n\n\n<p><\/p>\n\n\n\n<p>M. FOUCAULT, Pr\u00e9sidente<\/p>\n\n\n\n<p><\/p>\n","protected":false},"excerpt":{"rendered":"<p>CAMEROUN EFFICIENCE SOLIDARIT\u00c9 ACTIONS BRETAGNE &#8211; CESA BRETAGNE &#8211; est une association \u00e0 but non lucratif, r\u00e9gie par la loi du 1er juillet 1901 et le d\u00e9cret du 16 ao\u00fbt 1901. Inscrite depuis avril 2015 en Pr\u00e9fecture d\u2019Ille et Vilaine (FRANCE), sous le n\u00b0 de d\u00e9claration W353013734. L\u2019engagement port\u00e9 par ses b\u00e9n\u00e9voles est de : &hellip; <\/p>\n<p class=\"link-more\"><a href=\"https:\/\/cesa.domtombox.net\/?page_id=142\" class=\"more-link\">Continuer la lecture<span class=\"screen-reader-text\"> de &laquo;&nbsp;CITOYENS DU MONDE&nbsp;&raquo;<\/span><\/a><\/p>\n","protected":false},"author":1,"featured_media":0,"parent":0,"menu_order":0,"comment_status":"closed","ping_status":"closed","template":"","meta":{"footnotes":""},"class_list":["post-142","page","type-page","status-publish","hentry"],"_links":{"self":[{"href":"https:\/\/cesa.domtombox.net\/index.php?rest_route=\/wp\/v2\/pages\/142","targetHints":{"allow":["GET"]}}],"collection":[{"href":"https:\/\/cesa.domtombox.net\/index.php?rest_route=\/wp\/v2\/pages"}],"about":[{"href":"https:\/\/cesa.domtombox.net\/index.php?rest_route=\/wp\/v2\/types\/page"}],"author":[{"embeddable":true,"href":"https:\/\/cesa.domtombox.net\/index.php?rest_route=\/wp\/v2\/users\/1"}],"replies":[{"embeddable":true,"href":"https:\/\/cesa.domtombox.net\/index.php?rest_route=%2Fwp%2Fv2%2Fcomments&post=142"}],"version-history":[{"count":4,"href":"https:\/\/cesa.domtombox.net\/index.php?rest_route=\/wp\/v2\/pages\/142\/revisions"}],"predecessor-version":[{"id":156,"href":"https:\/\/cesa.domtombox.net\/index.php?rest_route=\/wp\/v2\/pages\/142\/revisions\/156"}],"wp:attachment":[{"href":"https:\/\/cesa.domtombox.net\/index.php?rest_route=%2Fwp%2Fv2%2Fmedia&parent=142"}],"curies":[{"name":"wp","href":"https:\/\/api.w.org\/{rel}","templated":true}]}}